{"id":20424,"date":"2023-12-20T16:45:03","date_gmt":"2023-12-20T15:45:03","guid":{"rendered":"https:\/\/cottage.napokusy.cz\/?page_id=20424"},"modified":"2025-05-26T11:46:54","modified_gmt":"2025-05-26T09:46:54","slug":"nasze-zakwaterowanie-czeskiej-szwajcarii","status":"publish","type":"page","link":"https:\/\/cottage.cz\/pl\/nasze-zakwaterowanie-czeskiej-szwajcarii\/","title":{"rendered":"Nasze zakwaterowanie w Czeskiej Szwajcarii"},"content":{"rendered":"\n\n<p style=\"text-align: center;\"><em><strong>\u201eDali\u015bmy z siebie wszystko\u2026\u201d<\/strong><\/em><\/p>\n<p>Witamy w miejscu o niepowtarzalnym klimacie! Zatrzymaj si\u0119, rozejrzyj si\u0119, wdychaj\u2026.i tak\u017ce wydychaj\u2026Tutaj tworzymy autentyczn\u0105 przestrze\u0144 do odpoczynku, odnowienia si\u0142 i pojawienia si\u0119 nowych wizji. Wierzymy w harmoni\u0119, prostot\u0119, r\u00f3wnowag\u0119 i elegancj\u0119. Inspiruje nas natura, sztuka i otwarte oczy na niezwyk\u0142e pi\u0119kno ka\u017cdego dnia. Dbamy o Twoj\u0105 satysfakcj\u0119, dbamy o Ciebie!<\/p>\n<p>w\u0142a\u015bciciele Irena Kubicov\u00e1, nauczycielka jogi i Ale\u0161 Kubica, przewodnik turystyczny<\/p>\n<p style=\"text-align: center;\"><strong><em>O ogrodzie \u201eKiedy nastr\u00f3j tworzy si\u0119 na zewn\u0105trz\u201d<\/em><\/strong><br \/>Poczuj si\u0119 jak w domu w naszym ogrodzie. Wyleguj si\u0119 w hamakach, zwiedzaj kaskadow\u0105 oczyszczalni\u0119 korzeni, usi\u0105d\u017a na kamiennym patio z grillem, zrelaksuj si\u0119 na drewnianym tarasie z widokiem na okolic\u0119, od\u015bwie\u017c si\u0119 w naturalnym stawie, poczuj zapach ogrodu zio\u0142owego, chod\u017a boso, wycisz si\u0119, czytaj wiersze, raduj si\u0119 \u0107wicz, po\u0142\u00f3\u017c si\u0119 na trawie, id\u017a do lasu&#8230; i wieczorem popatrz na rozgwie\u017cd\u017cone niebo.<br \/>Zdj\u0119cie ogrodu<\/p>\n<p style=\"text-align: center;\"><em><strong>Eko Chata<\/strong><\/em><br \/><em><strong>\u201eSpos\u00f3b, w jaki \u017cyjemy, codziennie odbija si\u0119 na naszych my\u015blach, uczuciach i naszym zdrowiu\u201d<\/strong><\/em><\/p>\n<p>Eko to nasz styl \u017cycia. Ca\u0142y budynek posiada w\u0142asn\u0105 studni\u0119 g\u0142\u0119binow\u0105 i korzeniow\u0105 oczyszczalni\u0119 \u015bciek\u00f3w, uprawiamy ogr\u00f3d zgodnie z podej\u015bciem ekologicznym, tworzymy stopniowo w\u0142asnor\u0119cznie, uprawiamy ro\u015bliny lecznicze, kt\u00f3re przetwarzamy na herbaty. Korzystamy z ekologicznych \u015brodk\u00f3w czyszcz\u0105cych i czyszcz\u0105cych, sortujemy odpady, kompostujemy, oszcz\u0119dzamy zasoby naturalne i mo\u017cemy na\u0142adowa\u0107 Tw\u00f3j samoch\u00f3d elektryczny.<\/p>\n<p style=\"text-align: center;\"><strong>Podtrzymujemy warto\u015bci zr\u00f3wnowa\u017conej turystyki i slow travel.<\/strong><\/p>\n<p>Domek jest podzielony na parter, pierwsze pi\u0119tro i poddasze (dwupoziomowe).<br \/>Na wsp\u00f3lnym parterze znajduje si\u0119 garderoba, <strong>korytarz z cz\u0119\u015bci\u0105 wypoczynkow\u0105 przy kominku<\/strong>, <strong>sala do jogi i kurs\u00f3w<\/strong> (35m2), 2 toalety, jadalnia z kuchni\u0105, strefa relaksu i wellness.<br \/>Na pierwszym pi\u0119trze znajduj\u0105 si\u0119 4 apartamenty o \u0142\u0105cznej liczbie 17 miejsc noclegowych.<\/p>\n<div class=\"pt-cv-wrapper\"><div class=\"pt-cv-view pt-cv-grid pt-cv-colsys pt-cv-sharp-buttons\" id=\"pt-cv-view-6382c08eju\"><div data-id=\"pt-cv-page-1\" class=\"pt-cv-page\" data-cvc=\"1\"><div class=\"col-md-12 col-sm-12 col-xs-12 pt-cv-content-item pt-cv-2-col\"  data-pid=\"21810\"><div class='pt-cv-ifield'><a href=\"https:\/\/cottage.cz\/pl\/rezervace\/balkon-mieszkanie\/\" class=\"_self pt-cv-href-thumbnail pt-cv-thumb-left cvplbd\" target=\"_self\" ><img decoding=\"async\" width=\"300\" height=\"200\" data-src=\"https:\/\/cottage.cz\/wp-content\/uploads\/2018\/02\/Resize-of-BC-23-300x200.jpg\" class=\"pt-cv-thumbnail img-none pull-left lazyload\" alt=\"Balkon mieszkanie\" data-srcset=\"https:\/\/cottage.cz\/wp-content\/uploads\/2018\/02\/Resize-of-BC-23-300x200.jpg 300w, https:\/\/cottage.cz\/wp-content\/uploads\/2018\/02\/Resize-of-BC-23-1024x682.jpg 1024w, https:\/\/cottage.cz\/wp-content\/uploads\/2018\/02\/Resize-of-BC-23-768x512.jpg 768w, https:\/\/cottage.cz\/wp-content\/uploads\/2018\/02\/Resize-of-BC-23-1536x1023.jpg 1536w, https:\/\/cottage.cz\/wp-content\/uploads\/2018\/02\/Resize-of-BC-23.jpg 1800w\" data-sizes=\"(max-width: 300px) 100vw, 300px\" src=\"data:image\/svg+xml;base64,PHN2ZyB3aWR0aD0iMSIgaGVpZ2h0PSIxIiB4bWxucz0iaHR0cDovL3d3dy53My5vcmcvMjAwMC9zdmciPjwvc3ZnPg==\" style=\"--smush-placeholder-width: 300px; --smush-placeholder-aspect-ratio: 300\/200;\" \/><\/a>\n<h4 class=\"pt-cv-title\"><a href=\"https:\/\/cottage.cz\/pl\/rezervace\/balkon-mieszkanie\/\" class=\"_self cvplbd\" target=\"_self\" >Balkon mieszkanie<\/a><\/h4>\n<div class=\"pt-cv-content\">\u201eWyjd\u017a i oddychaj\u2026\u201d Cena: od 2900 CZK Pojemno\u015b\u0107: 3 +1 \u0142\u00f3\u017cka , 1 sypialnia, salon(sofa dla 1 osoby) Opis: Ciekawie ...<\/div><\/div><\/div>\n<div class=\"col-md-12 col-sm-12 col-xs-12 pt-cv-content-item pt-cv-2-col\"  data-pid=\"21689\"><div class='pt-cv-ifield'><a href=\"https:\/\/cottage.cz\/pl\/rezervace\/maringotka-domek-botaniczny\/\" class=\"_self pt-cv-href-thumbnail pt-cv-thumb-left cvplbd\" target=\"_self\" ><img decoding=\"async\" width=\"300\" height=\"200\" data-src=\"https:\/\/cottage.cz\/wp-content\/uploads\/2023\/12\/BC-239-300x200.jpg\" class=\"pt-cv-thumbnail img-none pull-left lazyload\" alt=\"Domek botaniczny\" data-srcset=\"https:\/\/cottage.cz\/wp-content\/uploads\/2023\/12\/BC-239-300x200.jpg 300w, https:\/\/cottage.cz\/wp-content\/uploads\/2023\/12\/BC-239-1024x683.jpg 1024w, https:\/\/cottage.cz\/wp-content\/uploads\/2023\/12\/BC-239-768x512.jpg 768w, https:\/\/cottage.cz\/wp-content\/uploads\/2023\/12\/BC-239-1536x1024.jpg 1536w, https:\/\/cottage.cz\/wp-content\/uploads\/2023\/12\/BC-239-2048x1365.jpg 2048w\" data-sizes=\"(max-width: 300px) 100vw, 300px\" src=\"data:image\/svg+xml;base64,PHN2ZyB3aWR0aD0iMSIgaGVpZ2h0PSIxIiB4bWxucz0iaHR0cDovL3d3dy53My5vcmcvMjAwMC9zdmciPjwvc3ZnPg==\" style=\"--smush-placeholder-width: 300px; --smush-placeholder-aspect-ratio: 300\/200;\" \/><\/a>\n<h4 class=\"pt-cv-title\"><a href=\"https:\/\/cottage.cz\/pl\/rezervace\/maringotka-domek-botaniczny\/\" class=\"_self cvplbd\" target=\"_self\" >Domek botaniczny<\/a><\/h4>\n<div class=\"pt-cv-content\">Domek botaniczny\u201d kwit\u0142 pod lasem\u2026 Wpadli\u015bmy pod urok\u00a0ma\u0142y dom\u00a0a tego lata zrekonstruowali\u015bmy dla Was przytuln\u0105 przyczep\u0119 nie tylko dla romantyk\u00f3w, ...<\/div><\/div><\/div>\n<div class=\"col-md-12 col-sm-12 col-xs-12 pt-cv-content-item pt-cv-2-col\"  data-pid=\"21710\"><div class='pt-cv-ifield'><a href=\"https:\/\/cottage.cz\/pl\/rezervace\/caly-budynek-bohemian-mala\/\" class=\"_self pt-cv-href-thumbnail pt-cv-thumb-left cvplbd\" target=\"_self\" ><img decoding=\"async\" width=\"300\" height=\"200\" data-src=\"https:\/\/cottage.cz\/wp-content\/uploads\/2018\/01\/Resize-of-BC-318-300x200.jpg\" class=\"pt-cv-thumbnail img-none pull-left lazyload\" alt=\"Ca\u0142y obiekt Bohemian Cottage\" data-srcset=\"https:\/\/cottage.cz\/wp-content\/uploads\/2018\/01\/Resize-of-BC-318-300x200.jpg 300w, https:\/\/cottage.cz\/wp-content\/uploads\/2018\/01\/Resize-of-BC-318-1024x682.jpg 1024w, https:\/\/cottage.cz\/wp-content\/uploads\/2018\/01\/Resize-of-BC-318-768x512.jpg 768w, https:\/\/cottage.cz\/wp-content\/uploads\/2018\/01\/Resize-of-BC-318-1536x1023.jpg 1536w, https:\/\/cottage.cz\/wp-content\/uploads\/2018\/01\/Resize-of-BC-318.jpg 1800w\" data-sizes=\"(max-width: 300px) 100vw, 300px\" src=\"data:image\/svg+xml;base64,PHN2ZyB3aWR0aD0iMSIgaGVpZ2h0PSIxIiB4bWxucz0iaHR0cDovL3d3dy53My5vcmcvMjAwMC9zdmciPjwvc3ZnPg==\" style=\"--smush-placeholder-width: 300px; --smush-placeholder-aspect-ratio: 300\/200;\" \/><\/a>\n<h4 class=\"pt-cv-title\"><a href=\"https:\/\/cottage.cz\/pl\/rezervace\/caly-budynek-bohemian-mala\/\" class=\"_self cvplbd\" target=\"_self\" >Ca\u0142y obiekt Bohemian Cottage<\/a><\/h4>\n<div class=\"pt-cv-content\">\u201eChcesz ca\u0142y domek?\u201c Cena: od 11.880 CZK \/ ca\u0142y budynek \/ noc Pojemno\u015b\u0107: 4 apartamenty, 5 sypialni, uk\u0142ad miejsc 4+4+3+(3+3)) ...<\/div><\/div><\/div>\n<div class=\"col-md-12 col-sm-12 col-xs-12 pt-cv-content-item pt-cv-2-col\"  data-pid=\"21697\"><div class='pt-cv-ifield'><a href=\"https:\/\/cottage.cz\/pl\/rezervace\/dwupoziomowy-apartament-i\/\" class=\"_self pt-cv-href-thumbnail pt-cv-thumb-left cvplbd\" target=\"_self\" ><img decoding=\"async\" width=\"300\" height=\"200\" data-src=\"https:\/\/cottage.cz\/wp-content\/uploads\/2018\/02\/Resize-of-BC-403-300x200.jpg\" class=\"pt-cv-thumbnail img-none pull-left lazyload\" alt=\"Dwupoziomowy apartament I.\" data-srcset=\"https:\/\/cottage.cz\/wp-content\/uploads\/2018\/02\/Resize-of-BC-403-300x200.jpg 300w, https:\/\/cottage.cz\/wp-content\/uploads\/2018\/02\/Resize-of-BC-403-1024x682.jpg 1024w, https:\/\/cottage.cz\/wp-content\/uploads\/2018\/02\/Resize-of-BC-403-768x512.jpg 768w, https:\/\/cottage.cz\/wp-content\/uploads\/2018\/02\/Resize-of-BC-403-1536x1023.jpg 1536w, https:\/\/cottage.cz\/wp-content\/uploads\/2018\/02\/Resize-of-BC-403.jpg 1800w\" data-sizes=\"(max-width: 300px) 100vw, 300px\" src=\"data:image\/svg+xml;base64,PHN2ZyB3aWR0aD0iMSIgaGVpZ2h0PSIxIiB4bWxucz0iaHR0cDovL3d3dy53My5vcmcvMjAwMC9zdmciPjwvc3ZnPg==\" style=\"--smush-placeholder-width: 300px; --smush-placeholder-aspect-ratio: 300\/200;\" \/><\/a>\n<h4 class=\"pt-cv-title\"><a href=\"https:\/\/cottage.cz\/pl\/rezervace\/dwupoziomowy-apartament-i\/\" class=\"_self cvplbd\" target=\"_self\" >Dwupoziomowy apartament I.<\/a><\/h4>\n<div class=\"pt-cv-content\">\u201ePrawie do nieba\u2026\u201d Cena: od 2250 CZK Pojemno\u015b\u0107: 4 \u0142\u00f3\u017cka Opis: Apartament z widokiem na wsch\u00f3d s\u0142o\u0144ca. Pok\u00f3j dzienny z ...<\/div><\/div><\/div>\n<div class=\"col-md-12 col-sm-12 col-xs-12 pt-cv-content-item pt-cv-2-col\"  data-pid=\"21765\"><div class='pt-cv-ifield'><a href=\"https:\/\/cottage.cz\/pl\/rezervace\/duze-mieszkanie\/\" class=\"_self pt-cv-href-thumbnail pt-cv-thumb-left cvplbd\" target=\"_self\" ><img decoding=\"async\" width=\"300\" height=\"200\" data-src=\"https:\/\/cottage.cz\/wp-content\/uploads\/2018\/02\/Resize-of-BC-144-300x200.jpg\" class=\"pt-cv-thumbnail img-none pull-left lazyload\" alt=\"Du\u017ce mieszkanie\" data-srcset=\"https:\/\/cottage.cz\/wp-content\/uploads\/2018\/02\/Resize-of-BC-144-300x200.jpg 300w, https:\/\/cottage.cz\/wp-content\/uploads\/2018\/02\/Resize-of-BC-144-1024x682.jpg 1024w, https:\/\/cottage.cz\/wp-content\/uploads\/2018\/02\/Resize-of-BC-144-768x512.jpg 768w, https:\/\/cottage.cz\/wp-content\/uploads\/2018\/02\/Resize-of-BC-144-1536x1023.jpg 1536w, https:\/\/cottage.cz\/wp-content\/uploads\/2018\/02\/Resize-of-BC-144.jpg 1800w\" data-sizes=\"(max-width: 300px) 100vw, 300px\" src=\"data:image\/svg+xml;base64,PHN2ZyB3aWR0aD0iMSIgaGVpZ2h0PSIxIiB4bWxucz0iaHR0cDovL3d3dy53My5vcmcvMjAwMC9zdmciPjwvc3ZnPg==\" style=\"--smush-placeholder-width: 300px; --smush-placeholder-aspect-ratio: 300\/200;\" \/><\/a>\n<h4 class=\"pt-cv-title\"><a href=\"https:\/\/cottage.cz\/pl\/rezervace\/duze-mieszkanie\/\" class=\"_self cvplbd\" target=\"_self\" >Du\u017ce mieszkanie<\/a><\/h4>\n<div class=\"pt-cv-content\">\u201eJest was wi\u0119cej?\u201c Cena: od 3200 CZK\/noc Pojemno\u015b\u0107: 6 \u0142\u00f3\u017cek, podzielonych na 2 sypialnie, ka\u017cda sypialnia wyposa\u017cona jest w \u0142\u00f3\u017cko ...<\/div><\/div><\/div>\n<div class=\"col-md-12 col-sm-12 col-xs-12 pt-cv-content-item pt-cv-2-col\"  data-pid=\"21820\"><div class='pt-cv-ifield'><a href=\"https:\/\/cottage.cz\/pl\/rezervace\/dwupoziomowy-apartament-ii\/\" class=\"_self pt-cv-href-thumbnail pt-cv-thumb-left cvplbd\" target=\"_self\" ><img decoding=\"async\" width=\"300\" height=\"200\" data-src=\"https:\/\/cottage.cz\/wp-content\/uploads\/2018\/02\/Resize-of-BC-207-300x200.jpg\" class=\"pt-cv-thumbnail img-none pull-left lazyload\" alt=\"Dwupoziomowy apartament II.\" data-srcset=\"https:\/\/cottage.cz\/wp-content\/uploads\/2018\/02\/Resize-of-BC-207-300x200.jpg 300w, https:\/\/cottage.cz\/wp-content\/uploads\/2018\/02\/Resize-of-BC-207-1024x682.jpg 1024w, https:\/\/cottage.cz\/wp-content\/uploads\/2018\/02\/Resize-of-BC-207-768x512.jpg 768w, https:\/\/cottage.cz\/wp-content\/uploads\/2018\/02\/Resize-of-BC-207-1536x1023.jpg 1536w, https:\/\/cottage.cz\/wp-content\/uploads\/2018\/02\/Resize-of-BC-207.jpg 1800w\" data-sizes=\"(max-width: 300px) 100vw, 300px\" src=\"data:image\/svg+xml;base64,PHN2ZyB3aWR0aD0iMSIgaGVpZ2h0PSIxIiB4bWxucz0iaHR0cDovL3d3dy53My5vcmcvMjAwMC9zdmciPjwvc3ZnPg==\" style=\"--smush-placeholder-width: 300px; --smush-placeholder-aspect-ratio: 300\/200;\" \/><\/a>\n<h4 class=\"pt-cv-title\"><a href=\"https:\/\/cottage.cz\/pl\/rezervace\/dwupoziomowy-apartament-ii\/\" class=\"_self cvplbd\" target=\"_self\" >Dwupoziomowy apartament II.<\/a><\/h4>\n<div class=\"pt-cv-content\">\u201ePrawie do nieba\u2026\u201d Cena: od 2900 CZK Pojemno\u015b\u0107: 4 \u0142\u00f3\u017cka Opis: Apartament z widokiem na zach\u00f3d s\u0142o\u0144ca. Pok\u00f3j dzienny z ...<\/div><\/div><\/div><\/div><\/div><\/div>\t\t\t<style type=\"text\/css\" id=\"pt-cv-inline-style-20418f0en5\">#pt-cv-view-6382c08eju.pt-cv-post-border { margin: 0; border-top-width: 1px; border-left-width: 1px }\n#pt-cv-view-6382c08eju.pt-cv-post-border { margin: 0; border-top-style: solid; border-left-style: solid }\n#pt-cv-view-6382c08eju.pt-cv-post-border .pt-cv-content-item   { border-right-width: 1px; border-bottom-width: 1px; border-right-style: solid; border-bottom-style: solid; }\n#pt-cv-view-6382c08eju .pt-cv-title a, #pt-cv-view-6382c08eju  .panel-title { font-weight: 600 !important; }\n#pt-cv-view-6382c08eju .pt-cv-readmore  { color: #ffffff !important; background-color: #ba7f42 !important; }\n#pt-cv-view-6382c08eju .pt-cv-readmore:hover  { color: #ffffff !important; background-color: #ba7f42 !important; }\n#pt-cv-view-6382c08eju  + .pt-cv-pagination-wrapper .pt-cv-more , #pt-cv-view-6382c08eju  + .pt-cv-pagination-wrapper .pagination .active a { color: #ffffff !important; background-color: #00aeef !important; }<\/style>\r\n\t\t\t\n\n\n<div id=\"text-21\" class=\"widget widget_text amr_widget\"><h3>Warunki zakwaterowania i anulowania rezerwacji:<\/h3>\t\t\t<div class=\"textwidget\"><p>W ca\u0142ym pensjonacie obowi\u0105zuje zakaz palenia<\/p>\n<p>Wi-Fi bezp\u0142atne (na \u017cyczenie mo\u017cemy od\u0142\u0105czy\u0107 Ci\u0119 od \u015bwiata)<\/p>\n<p>Prosimy o pozostawienie zwierz\u0105t w domu (mo\u017cliwo\u015b\u0107 wynajmu ca\u0142ego budynku lub Maringotki)<\/p>\n<p>Po\u015bciel i r\u0119czniki s\u0105 wliczone w cen\u0119<\/p>\n<p>Podczas pobytu w sali do jogi mog\u0105 odbywa\u0107 si\u0119 zaj\u0119cia jogi (nie przy wynajmie ca\u0142ego budynku)<\/p>\n<p>W dniu przyjazdu mo\u017cna zameldowa\u0107 si\u0119 od godziny 15:00 (b\u0119dziemy mi\u0142o je\u015bli poinformujecie Pa\u0144stwo o przybli\u017conej godzinie)<\/p>\n<p>W dniu wyjazdu wykwaterowanie o godzinie 10:00<\/p>\n<p>W przypadku rezerwacji pobieramy zadatek rezerwacyjny. Zadatek podlega zwrotowi jedynie w przypadku zaj\u0119cia terminu przez inn\u0105 zainteresowan\u0105 osob\u0119.<\/p>\n<p><strong>Dzieci bez \u0142\u00f3\u017cka nocuj\u0105 bezp\u0142atnie<\/strong><\/p>\n<\/div>\n\t\t<\/div>\n","protected":false},"excerpt":{"rendered":"<p>\u201eDali\u015bmy z siebie wszystko\u2026\u201d Witamy w miejscu o niepowtarzalnym klimacie! Zatrzymaj si\u0119, rozejrzyj si\u0119, wdychaj\u2026.i tak\u017ce wydychaj\u2026Tutaj tworzymy autentyczn\u0105 przestrze\u0144 do odpoczynku, odnowienia si\u0142 i pojawienia si\u0119 nowych wizji. Wierzymy w harmoni\u0119, prostot\u0119, r\u00f3wnowag\u0119 i elegancj\u0119. Inspiruje nas natura, sztuka i otwarte oczy na niezwyk\u0142e pi\u0119kno ka\u017cdego dnia. Dbamy o Twoj\u0105 satysfakcj\u0119, dbamy o Ciebie! [&hellip;]<\/p>\n","protected":false},"author":2,"featured_media":25807,"parent":0,"menu_order":0,"comment_status":"closed","ping_status":"closed","template":"","meta":{"_monsterinsights_skip_tracking":false,"_monsterinsights_sitenote_active":false,"_monsterinsights_sitenote_note":"","_monsterinsights_sitenote_category":0,"ngg_post_thumbnail":0,"footnotes":""},"class_list":["post-20424","page","type-page","status-publish","has-post-thumbnail","hentry"],"aioseo_notices":[],"_links":{"self":[{"href":"https:\/\/cottage.cz\/pl\/wp-json\/wp\/v2\/pages\/20424","targetHints":{"allow":["GET"]}}],"collection":[{"href":"https:\/\/cottage.cz\/pl\/wp-json\/wp\/v2\/pages"}],"about":[{"href":"https:\/\/cottage.cz\/pl\/wp-json\/wp\/v2\/types\/page"}],"author":[{"embeddable":true,"href":"https:\/\/cottage.cz\/pl\/wp-json\/wp\/v2\/users\/2"}],"replies":[{"embeddable":true,"href":"https:\/\/cottage.cz\/pl\/wp-json\/wp\/v2\/comments?post=20424"}],"version-history":[{"count":6,"href":"https:\/\/cottage.cz\/pl\/wp-json\/wp\/v2\/pages\/20424\/revisions"}],"predecessor-version":[{"id":26518,"href":"https:\/\/cottage.cz\/pl\/wp-json\/wp\/v2\/pages\/20424\/revisions\/26518"}],"wp:featuredmedia":[{"embeddable":true,"href":"https:\/\/cottage.cz\/pl\/wp-json\/wp\/v2\/media\/25807"}],"wp:attachment":[{"href":"https:\/\/cottage.cz\/pl\/wp-json\/wp\/v2\/media?parent=20424"}],"curies":[{"name":"wp","href":"https:\/\/api.w.org\/{rel}","templated":true}]}}