{"id":20418,"date":"2023-12-20T16:37:18","date_gmt":"2023-12-20T15:37:18","guid":{"rendered":"https:\/\/cottage.napokusy.cz\/?page_id=20418"},"modified":"2025-05-22T11:13:46","modified_gmt":"2025-05-22T09:13:46","slug":"unterkunft-bohmische-schweiz","status":"publish","type":"page","link":"https:\/\/cottage.cz\/de\/unterkunft-bohmische-schweiz\/","title":{"rendered":"Unsere Unterkunft in der B\u00f6hmische Schweiz"},"content":{"rendered":"\n\n<p style=\"text-align: center;\"><strong>\u201eWir geben hier unser Bestes\u2026\u201c<\/strong><\/p>\n<p>Willkommen an einem Ort mit einzigartiger Atmosph\u00e4re! Innehalten, sich umschauen, einatmen \u2026 und auch ausatmen \u2026 Hier schaffen wir einen authentischen Raum f\u00fcr Ruhe, neue Kraft und das Entstehen neuer Visionen. Wir glauben an Harmonie, Einfachheit, Ausgewogenheit und Eleganz. Wir lassen uns von der Natur, der Kunst und dem offenen Blick f\u00fcr die au\u00dfergew\u00f6hnliche Sch\u00f6nheit jedes Tages inspirieren. Wir k\u00fcmmern uns um Ihre Zufriedenheit, wir k\u00fcmmern uns um Sie!<\/p>\n<p style=\"text-align: right;\"><em>Besitzer: Irena Kubicov\u00e1, Yogalehrerin, und Ale\u0161 Kubica, Reisef\u00fchre<\/em>r<\/p>\n<p style=\"text-align: center;\"><a href=\"https:\/\/www.cottage.cz\/de\/Galerie\/\">Fotogalerie des Designs<\/a><\/p>\n<p style=\"text-align: center;\"><span style=\"font-size: medium;\"><b>&#8222;\u00dcber den Garten \u201cWenn drau\u00dfen eine Laune der Natur entsteht\u201d<\/b><\/span><\/p>\n<p style=\"text-align: center;\">F\u00fchlen Sie sich in unserem Garten wie zu Hause. Faulenzen Sie in den H\u00e4ngematten, erforschen Sie die Kaskaden-Wurzelkl\u00e4ranlage, setzen Sie sich auf die <a href=\"https:\/\/cottage.cz\/de\/terrasse\/\">Steinterrasse<\/a> mit Grill, entspannen Sie sich auf der Holzterrasse mit Aussicht auf die Landschaft, erfrischen Sie sich im Naturteich, folgen Sie den D\u00fcften im Kr\u00e4utergarten, laufen Sie barfu\u00df, kommen Sie zur Ruhe, lesen Sie Gedichte, freuen Sie sich, turnen Sie, legen Sie sich ins Gras, gehen Sie in den Wald\u2026und beobachten Sie nachts den Sternhimmel.<\/p>\n<p style=\"text-align: center;\"><a href=\"https:\/\/www.cottage.cz\/de\/Garten\/\">Fotogalerie des Gartens<\/a><\/p>\n<p style=\"text-align: center;\">&nbsp;<span style=\"font-size: medium;\"><b>Eco Cottage<\/b><\/span><\/p>\n<p style=\"text-align: center;\">\u201cDie Art, wie wir leben, spiegelt sich t\u00e4glich in unseren Gedanken, Gef\u00fchlen und unserer Gesundheit wider<\/p>\n<p style=\"text-align: center;\">\u00d6ko ist unser Lebensstil. Das gesamte Bauwerk verf\u00fcgt \u00fcber <strong>eine eigene Tiefbohrung und eine Wurzelkl\u00e4ranlage<\/strong>. Wir g\u00e4rtnern im Einklang mit den \u00f6kologischen Prinzipien, bilden mit eigenen H\u00e4nden und pflanzen eigene Heilpflanzen, die wir weiter zu Tees verarbeiten. In unseren Kursen zeigen wir, wie man mit den Pflanzen umgeht, wie man sie verarbeitet und angewendet werden k\u00f6nnen. Wir verwenden \u00f6kologische Reinigungs- und Putzmittel, sortieren M\u00fcll und kompostieren. Unseren G\u00e4sten bieten wir handgemachte Naturkosmetik an. <a href=\"https:\/\/www.cottage.cz\/de\/dobijeci-stanice\/\">Ladestation<\/a><\/p>\n<p style=\"text-align: center;\">Wir leben modern und gleichzeitig schonend zur Natur.<\/p>\n<p style=\"text-align: center;\">Das Cottage umfasst Erdgeschoss, Obergeschoss und Dachboden (Maisonette). Im Erdgeschoss gibt es eine Garderobe,<strong> einen Flur mit Kamin, einen kleinen <a href=\"https:\/\/cottage.cz\/de\/yoga\/\">Saal f\u00fcr Yoga<\/a> und Kurse<\/strong> (35m2), 2x Toiletten, <strong>ein <a href=\"https:\/\/cottage.cz\/de\/kueche\/\">Esszimmer mit K\u00fcche<\/a> sowie einen Entspannungs- und <a href=\"https:\/\/cottage.cz\/de\/naturliches-privates-wellness\/\">Wellnessbereich<\/a><\/strong>.<\/p>\n<p style=\"text-align: center;\"><strong><span style=\"font-size: medium;\">W\u00e4hlen Sie:<\/span><\/strong><\/p>\n<div class=\"pt-cv-wrapper\"><div class=\"pt-cv-view pt-cv-grid pt-cv-colsys pt-cv-sharp-buttons\" id=\"pt-cv-view-6382c08eju\"><div data-id=\"pt-cv-page-1\" class=\"pt-cv-page\" data-cvc=\"1\"><div class=\"col-md-12 col-sm-12 col-xs-12 pt-cv-content-item pt-cv-2-col\"  data-pid=\"21801\"><div class='pt-cv-ifield'><a href=\"https:\/\/cottage.cz\/de\/rezervace\/apartment-mit-balkon\/\" class=\"_self pt-cv-href-thumbnail pt-cv-thumb-left cvplbd\" target=\"_self\" ><img decoding=\"async\" width=\"300\" height=\"200\" data-src=\"https:\/\/cottage.cz\/wp-content\/uploads\/2018\/02\/Resize-of-BC-23-300x200.jpg\" class=\"pt-cv-thumbnail img-none pull-left lazyload\" alt=\"Apartment mit Balkon\" data-srcset=\"https:\/\/cottage.cz\/wp-content\/uploads\/2018\/02\/Resize-of-BC-23-300x200.jpg 300w, https:\/\/cottage.cz\/wp-content\/uploads\/2018\/02\/Resize-of-BC-23-1024x682.jpg 1024w, https:\/\/cottage.cz\/wp-content\/uploads\/2018\/02\/Resize-of-BC-23-768x512.jpg 768w, https:\/\/cottage.cz\/wp-content\/uploads\/2018\/02\/Resize-of-BC-23-1536x1023.jpg 1536w, https:\/\/cottage.cz\/wp-content\/uploads\/2018\/02\/Resize-of-BC-23.jpg 1800w\" data-sizes=\"(max-width: 300px) 100vw, 300px\" src=\"data:image\/svg+xml;base64,PHN2ZyB3aWR0aD0iMSIgaGVpZ2h0PSIxIiB4bWxucz0iaHR0cDovL3d3dy53My5vcmcvMjAwMC9zdmciPjwvc3ZnPg==\" style=\"--smush-placeholder-width: 300px; --smush-placeholder-aspect-ratio: 300\/200;\" \/><\/a>\n<h4 class=\"pt-cv-title\"><a href=\"https:\/\/cottage.cz\/de\/rezervace\/apartment-mit-balkon\/\" class=\"_self cvplbd\" target=\"_self\" >Apartment mit Balkon<\/a><\/h4>\n<div class=\"pt-cv-content\">\u201eGehe raus und atme ein\u2026\u201c Preis: ab 2900CZK Kapazit\u00e4t:\u00a03+1 Betten, 1 Schlafzimmer, Wohnzimmer (Sofa f\u00fcr 1 Person) Beschreibung: Ein interessant ...<\/div><\/div><\/div>\n<div class=\"col-md-12 col-sm-12 col-xs-12 pt-cv-content-item pt-cv-2-col\"  data-pid=\"21708\"><div class='pt-cv-ifield'><a href=\"https:\/\/cottage.cz\/de\/rezervace\/das-gesamte-gebaeude-bohemian-cottage\/\" class=\"_self pt-cv-href-thumbnail pt-cv-thumb-left cvplbd\" target=\"_self\" ><img decoding=\"async\" width=\"300\" height=\"200\" data-src=\"https:\/\/cottage.cz\/wp-content\/uploads\/2018\/01\/Resize-of-BC-318-300x200.jpg\" class=\"pt-cv-thumbnail img-none pull-left lazyload\" alt=\"Das gesamte Geb\u00e4ude Bohemian Cottage\" data-srcset=\"https:\/\/cottage.cz\/wp-content\/uploads\/2018\/01\/Resize-of-BC-318-300x200.jpg 300w, https:\/\/cottage.cz\/wp-content\/uploads\/2018\/01\/Resize-of-BC-318-1024x682.jpg 1024w, https:\/\/cottage.cz\/wp-content\/uploads\/2018\/01\/Resize-of-BC-318-768x512.jpg 768w, https:\/\/cottage.cz\/wp-content\/uploads\/2018\/01\/Resize-of-BC-318-1536x1023.jpg 1536w, https:\/\/cottage.cz\/wp-content\/uploads\/2018\/01\/Resize-of-BC-318.jpg 1800w\" data-sizes=\"(max-width: 300px) 100vw, 300px\" src=\"data:image\/svg+xml;base64,PHN2ZyB3aWR0aD0iMSIgaGVpZ2h0PSIxIiB4bWxucz0iaHR0cDovL3d3dy53My5vcmcvMjAwMC9zdmciPjwvc3ZnPg==\" style=\"--smush-placeholder-width: 300px; --smush-placeholder-aspect-ratio: 300\/200;\" \/><\/a>\n<h4 class=\"pt-cv-title\"><a href=\"https:\/\/cottage.cz\/de\/rezervace\/das-gesamte-gebaeude-bohemian-cottage\/\" class=\"_self cvplbd\" target=\"_self\" >Das gesamte Geb\u00e4ude Bohemian Cottage<\/a><\/h4>\n<div class=\"pt-cv-content\">\u201eWollen Sie das ganze Ferienhaus?\u201c Preis: von 11880 CZK\/ganzes Objekt\/Nacht Kapazit\u00e4t: 4 Apartments, 4+4+3+(3+3) Betten = 17 Betten plus 2 ...<\/div><\/div><\/div>\n<div class=\"col-md-12 col-sm-12 col-xs-12 pt-cv-content-item pt-cv-2-col\"  data-pid=\"21687\"><div class='pt-cv-ifield'><a href=\"https:\/\/cottage.cz\/de\/rezervace\/maringotka-botanisches-haeuschen\/\" class=\"_self pt-cv-href-thumbnail pt-cv-thumb-left cvplbd\" target=\"_self\" ><img decoding=\"async\" width=\"300\" height=\"200\" data-src=\"https:\/\/cottage.cz\/wp-content\/uploads\/2023\/12\/BC-239-300x200.jpg\" class=\"pt-cv-thumbnail img-none pull-left lazyload\" alt=\"Botanisches H\u00e4uschen\" data-srcset=\"https:\/\/cottage.cz\/wp-content\/uploads\/2023\/12\/BC-239-300x200.jpg 300w, https:\/\/cottage.cz\/wp-content\/uploads\/2023\/12\/BC-239-1024x683.jpg 1024w, https:\/\/cottage.cz\/wp-content\/uploads\/2023\/12\/BC-239-768x512.jpg 768w, https:\/\/cottage.cz\/wp-content\/uploads\/2023\/12\/BC-239-1536x1024.jpg 1536w, https:\/\/cottage.cz\/wp-content\/uploads\/2023\/12\/BC-239-2048x1365.jpg 2048w\" data-sizes=\"(max-width: 300px) 100vw, 300px\" src=\"data:image\/svg+xml;base64,PHN2ZyB3aWR0aD0iMSIgaGVpZ2h0PSIxIiB4bWxucz0iaHR0cDovL3d3dy53My5vcmcvMjAwMC9zdmciPjwvc3ZnPg==\" style=\"--smush-placeholder-width: 300px; --smush-placeholder-aspect-ratio: 300\/200;\" \/><\/a>\n<h4 class=\"pt-cv-title\"><a href=\"https:\/\/cottage.cz\/de\/rezervace\/maringotka-botanisches-haeuschen\/\" class=\"_self cvplbd\" target=\"_self\" >Botanisches H\u00e4uschen<\/a><\/h4>\n<div class=\"pt-cv-content\">Botanisches H\u00e4uschen\u201c bl\u00fchte unter dem Wald\u2026 \u201eWir sind in den Bann gefallen winziges Haus und diesen Sommer haben wir f\u00fcr ...<\/div><\/div><\/div>\n<div class=\"col-md-12 col-sm-12 col-xs-12 pt-cv-content-item pt-cv-2-col\"  data-pid=\"21695\"><div class='pt-cv-ifield'><a href=\"https:\/\/cottage.cz\/de\/rezervace\/maisonette-i\/\" class=\"_self pt-cv-href-thumbnail pt-cv-thumb-left cvplbd\" target=\"_self\" ><img decoding=\"async\" width=\"300\" height=\"200\" data-src=\"https:\/\/cottage.cz\/wp-content\/uploads\/2018\/02\/Resize-of-BC-403-300x200.jpg\" class=\"pt-cv-thumbnail img-none pull-left lazyload\" alt=\"Maisonette I.\" data-srcset=\"https:\/\/cottage.cz\/wp-content\/uploads\/2018\/02\/Resize-of-BC-403-300x200.jpg 300w, https:\/\/cottage.cz\/wp-content\/uploads\/2018\/02\/Resize-of-BC-403-1024x682.jpg 1024w, https:\/\/cottage.cz\/wp-content\/uploads\/2018\/02\/Resize-of-BC-403-768x512.jpg 768w, https:\/\/cottage.cz\/wp-content\/uploads\/2018\/02\/Resize-of-BC-403-1536x1023.jpg 1536w, https:\/\/cottage.cz\/wp-content\/uploads\/2018\/02\/Resize-of-BC-403.jpg 1800w\" data-sizes=\"(max-width: 300px) 100vw, 300px\" src=\"data:image\/svg+xml;base64,PHN2ZyB3aWR0aD0iMSIgaGVpZ2h0PSIxIiB4bWxucz0iaHR0cDovL3d3dy53My5vcmcvMjAwMC9zdmciPjwvc3ZnPg==\" style=\"--smush-placeholder-width: 300px; --smush-placeholder-aspect-ratio: 300\/200;\" \/><\/a>\n<h4 class=\"pt-cv-title\"><a href=\"https:\/\/cottage.cz\/de\/rezervace\/maisonette-i\/\" class=\"_self cvplbd\" target=\"_self\" >Maisonette I.<\/a><\/h4>\n<div class=\"pt-cv-content\">\u201eAuf der M\u00fcllertreppe fast bis in den Himmel\u2026\u201c Preis: ab 2250 CZK Kapazit\u00e4t: 4 Betten Beschreibung:Eine kleinere Ferienwohnung. Wohnbereich mit ...<\/div><\/div><\/div>\n<div class=\"col-md-12 col-sm-12 col-xs-12 pt-cv-content-item pt-cv-2-col\"  data-pid=\"21761\"><div class='pt-cv-ifield'><a href=\"https:\/\/cottage.cz\/de\/rezervace\/grosse-wohnung\/\" class=\"_self pt-cv-href-thumbnail pt-cv-thumb-left cvplbd\" target=\"_self\" ><img decoding=\"async\" width=\"300\" height=\"200\" data-src=\"https:\/\/cottage.cz\/wp-content\/uploads\/2018\/02\/Resize-of-BC-144-300x200.jpg\" class=\"pt-cv-thumbnail img-none pull-left lazyload\" alt=\"Gro\u00dfe Wohnung - Familienwohnung\" data-srcset=\"https:\/\/cottage.cz\/wp-content\/uploads\/2018\/02\/Resize-of-BC-144-300x200.jpg 300w, https:\/\/cottage.cz\/wp-content\/uploads\/2018\/02\/Resize-of-BC-144-1024x682.jpg 1024w, https:\/\/cottage.cz\/wp-content\/uploads\/2018\/02\/Resize-of-BC-144-768x512.jpg 768w, https:\/\/cottage.cz\/wp-content\/uploads\/2018\/02\/Resize-of-BC-144-1536x1023.jpg 1536w, https:\/\/cottage.cz\/wp-content\/uploads\/2018\/02\/Resize-of-BC-144.jpg 1800w\" data-sizes=\"(max-width: 300px) 100vw, 300px\" src=\"data:image\/svg+xml;base64,PHN2ZyB3aWR0aD0iMSIgaGVpZ2h0PSIxIiB4bWxucz0iaHR0cDovL3d3dy53My5vcmcvMjAwMC9zdmciPjwvc3ZnPg==\" style=\"--smush-placeholder-width: 300px; --smush-placeholder-aspect-ratio: 300\/200;\" \/><\/a>\n<h4 class=\"pt-cv-title\"><a href=\"https:\/\/cottage.cz\/de\/rezervace\/grosse-wohnung\/\" class=\"_self cvplbd\" target=\"_self\" >Gro\u00dfe Wohnung &#8211; Familienwohnung<\/a><\/h4>\n<div class=\"pt-cv-content\">\u201eGibt es noch mehr Leute?\u201c Preis: ab 3200 CZK\/Nacht Kapazit\u00e4t: 6 Betten, aufgeteilt in 2 Schlafzimmer, jedes Schlafzimmer hat ein ...<\/div><\/div><\/div>\n<div class=\"col-md-12 col-sm-12 col-xs-12 pt-cv-content-item pt-cv-2-col\"  data-pid=\"21818\"><div class='pt-cv-ifield'><a href=\"https:\/\/cottage.cz\/de\/rezervace\/maisonette-ii\/\" class=\"_self pt-cv-href-thumbnail pt-cv-thumb-left cvplbd\" target=\"_self\" ><img decoding=\"async\" width=\"300\" height=\"200\" data-src=\"https:\/\/cottage.cz\/wp-content\/uploads\/2018\/02\/Resize-of-BC-207-300x200.jpg\" class=\"pt-cv-thumbnail img-none pull-left lazyload\" alt=\"Maisonette II.\" data-srcset=\"https:\/\/cottage.cz\/wp-content\/uploads\/2018\/02\/Resize-of-BC-207-300x200.jpg 300w, https:\/\/cottage.cz\/wp-content\/uploads\/2018\/02\/Resize-of-BC-207-1024x682.jpg 1024w, https:\/\/cottage.cz\/wp-content\/uploads\/2018\/02\/Resize-of-BC-207-768x512.jpg 768w, https:\/\/cottage.cz\/wp-content\/uploads\/2018\/02\/Resize-of-BC-207-1536x1023.jpg 1536w, https:\/\/cottage.cz\/wp-content\/uploads\/2018\/02\/Resize-of-BC-207.jpg 1800w\" data-sizes=\"(max-width: 300px) 100vw, 300px\" src=\"data:image\/svg+xml;base64,PHN2ZyB3aWR0aD0iMSIgaGVpZ2h0PSIxIiB4bWxucz0iaHR0cDovL3d3dy53My5vcmcvMjAwMC9zdmciPjwvc3ZnPg==\" style=\"--smush-placeholder-width: 300px; --smush-placeholder-aspect-ratio: 300\/200;\" \/><\/a>\n<h4 class=\"pt-cv-title\"><a href=\"https:\/\/cottage.cz\/de\/rezervace\/maisonette-ii\/\" class=\"_self cvplbd\" target=\"_self\" >Maisonette II.<\/a><\/h4>\n<div class=\"pt-cv-content\">\u201eAuf der M\u00fcllertreppe fast bis in den Himmel\u2026\u201c Preis: ab 2900 CZK Kapazit\u00e4t: 4 Betten Beschreibung: Eine kleinere Ferienwohnung. Wohnbereich ...<\/div><\/div><\/div><\/div><\/div><\/div>\t\t\t<style type=\"text\/css\" id=\"pt-cv-inline-style-1b39d90afu\">#pt-cv-view-6382c08eju.pt-cv-post-border { margin: 0; border-top-width: 1px; border-left-width: 1px }\n#pt-cv-view-6382c08eju.pt-cv-post-border { margin: 0; border-top-style: solid; border-left-style: solid }\n#pt-cv-view-6382c08eju.pt-cv-post-border .pt-cv-content-item   { border-right-width: 1px; border-bottom-width: 1px; border-right-style: solid; border-bottom-style: solid; }\n#pt-cv-view-6382c08eju .pt-cv-title a, #pt-cv-view-6382c08eju  .panel-title { font-weight: 600 !important; }\n#pt-cv-view-6382c08eju .pt-cv-readmore  { color: #ffffff !important; background-color: #ba7f42 !important; }\n#pt-cv-view-6382c08eju .pt-cv-readmore:hover  { color: #ffffff !important; background-color: #ba7f42 !important; }\n#pt-cv-view-6382c08eju  + .pt-cv-pagination-wrapper .pt-cv-more , #pt-cv-view-6382c08eju  + .pt-cv-pagination-wrapper .pagination .active a { color: #ffffff !important; background-color: #00aeef !important; }<\/style>\r\n\t\t\t\n\n\n<div id=\"text-20\" class=\"widget widget_text amr_widget\"><h3>Unterkunfts- und Stornobedingungen:<\/h3>\t\t\t<div class=\"textwidget\"><p>Das gesamte G\u00e4stehaus ist <strong>rauchfrei<\/strong><\/p>\n<p>WIFI free <em>(auf Wunsch k\u00f6nnen wir Sie von der Welt abkoppeln)<\/em><\/p>\n<p>Bitte lassen <strong>Sie Haustiere zu Hause<\/strong> <em>(m\u00f6glich bei Anmietung des gesamten Geb\u00e4udes oder Maringotka)<\/em><\/p>\n<p>Bettw\u00e4sche und Handt\u00fccher sind im Preis inbegriffen<\/p>\n<p>W\u00e4hrend Ihres Aufenthaltes k\u00f6nnen im Yogaraum Yoga-Kurse abgehalten werden <em>(nicht, wenn man das gesamte Geb\u00e4ude mietet)<\/em><\/p>\n<p>Am Anreisetag k\u00f6nnen Sie ab <strong>15:00<\/strong> Uhr einchecken (wir freuen uns, wenn Sie uns die ungef\u00e4hre Uhrzeit mitteilen)<\/p>\n<p>Am Abreisetag <strong>Check-out bis 10:00<\/strong> Uhr<\/p>\n<p>Im Falle einer Reservierung erteilen wir eine Reservierungsanzahlung. Die Anzahlung wird nur zur\u00fcckerstattet, wenn der Termin von einem anderen Interessenten belegt wird.<\/p>\n<p>Kinder ohne eigenes Bett \u00fcbernachten kostenlos<\/p>\n<\/div>\n\t\t<\/div>\n","protected":false},"excerpt":{"rendered":"<p>\u201eWir geben hier unser Bestes\u2026\u201c Willkommen an einem Ort mit einzigartiger Atmosph\u00e4re! Innehalten, sich umschauen, einatmen \u2026 und auch ausatmen \u2026 Hier schaffen wir einen authentischen Raum f\u00fcr Ruhe, neue Kraft und das Entstehen neuer Visionen. Wir glauben an Harmonie, Einfachheit, Ausgewogenheit und Eleganz. Wir lassen uns von der Natur, der Kunst und dem offenen [&hellip;]<\/p>\n","protected":false},"author":2,"featured_media":25806,"parent":0,"menu_order":0,"comment_status":"closed","ping_status":"closed","template":"","meta":{"_monsterinsights_skip_tracking":false,"_monsterinsights_sitenote_active":false,"_monsterinsights_sitenote_note":"","_monsterinsights_sitenote_category":0,"ngg_post_thumbnail":0,"footnotes":""},"class_list":["post-20418","page","type-page","status-publish","has-post-thumbnail","hentry"],"aioseo_notices":[],"_links":{"self":[{"href":"https:\/\/cottage.cz\/de\/wp-json\/wp\/v2\/pages\/20418","targetHints":{"allow":["GET"]}}],"collection":[{"href":"https:\/\/cottage.cz\/de\/wp-json\/wp\/v2\/pages"}],"about":[{"href":"https:\/\/cottage.cz\/de\/wp-json\/wp\/v2\/types\/page"}],"author":[{"embeddable":true,"href":"https:\/\/cottage.cz\/de\/wp-json\/wp\/v2\/users\/2"}],"replies":[{"embeddable":true,"href":"https:\/\/cottage.cz\/de\/wp-json\/wp\/v2\/comments?post=20418"}],"version-history":[{"count":11,"href":"https:\/\/cottage.cz\/de\/wp-json\/wp\/v2\/pages\/20418\/revisions"}],"predecessor-version":[{"id":26154,"href":"https:\/\/cottage.cz\/de\/wp-json\/wp\/v2\/pages\/20418\/revisions\/26154"}],"wp:featuredmedia":[{"embeddable":true,"href":"https:\/\/cottage.cz\/de\/wp-json\/wp\/v2\/media\/25806"}],"wp:attachment":[{"href":"https:\/\/cottage.cz\/de\/wp-json\/wp\/v2\/media?parent=20418"}],"curies":[{"name":"wp","href":"https:\/\/api.w.org\/{rel}","templated":true}]}}