{"id":22179,"date":"2024-03-03T07:51:44","date_gmt":"2024-03-03T06:51:44","guid":{"rendered":"https:\/\/cottage.cz\/?page_id=22179"},"modified":"2025-05-26T11:52:06","modified_gmt":"2025-05-26T09:52:06","slug":"overnatningsstederovernatningssteder-tjekkiske-schweiz","status":"publish","type":"page","link":"https:\/\/cottage.cz\/da\/overnatningsstederovernatningssteder-tjekkiske-schweiz\/","title":{"rendered":"Vores overnatningssteder i det Tjekkiske Schweiz"},"content":{"rendered":"\n\n<p style=\"text-align: center;\"><strong><em>&#8220;Vi s\u00e6tter vores bedste her&#8230;&#8221;<\/em><\/strong><\/p>\n<p>Velkommen til et sted med en unik atmosf\u00e6re! Stop, se dig omkring, tr\u00e6k vejret ind&#8230;og \u00e5nder ogs\u00e5 ud&#8230;Her skaber vi et autentisk rum til at hvile, forny din styrke og skabe nye visioner. Vi tror p\u00e5 harmoni, enkelhed, balance og elegance. Vi er inspireret af naturen, kunsten og \u00e5bne \u00f8jne for den ekstraordin\u00e6re sk\u00f8nhed i hver dag. Vi bekymrer os om din tilfredshed, vi bekymrer os om dig!<\/p>\n<p>ejerne Irena Kubicov\u00e1, en yogal\u00e6rer, og Ale\u0161 Kubica, en turistguide<\/p>\n<p style=\"text-align: center;\"><strong>Om haven &#8220;N\u00e5r stemningen skabes udenfor&#8221;<\/strong><br \/>F\u00f8l dig hjemme i vores have. Slap af i h\u00e6ngek\u00f8jerne,\u00a0udforsk rodrenseren, s\u00e6t dig p\u00e5 stenterrasse med grill, slap af p\u00e5 tr\u00e6d\u00e6kket med udsigt over landskabet, forfrisk dig selv i den naturlige dam, duft til urtehaven, g\u00e5 barfodet, v\u00e6r stille, l\u00e6s digte, gl\u00e6d dig dig selv, dyrke motion, ligge i gr\u00e6sset, g\u00e5 i skoven&#8230;og se p\u00e5 stjernehimlen om natten.<br \/>Foto af haven<\/p>\n<p style=\"text-align: center;\"><strong>\u00d8ko Cottage<\/strong><br \/>&#8220;Den m\u00e5de, vi lever p\u00e5, afspejles dagligt i vores tanker, f\u00f8lelser og vores helbred&#8221;<\/p>\n<p>Eco er vores livsstil. Hele bygningen har sin egen dybe br\u00f8nd til vand og et rodrensningsanl\u00e6g, vi haver i overensstemmelse med en \u00f8kologisk tilgang, vi skaber gradvist med vores egne h\u00e6nder, vi dyrker l\u00e6geplanter, som vi forarbejder til te. Vi bruger \u00f8kologiske reng\u00f8rings- og reng\u00f8ringsmidler, sorterer affald, komposterer, sparer naturressourcer og kan oplade din elbil.<\/p>\n<p>Vi fastholder v\u00e6rdierne om b\u00e6redygtig turisme og langsom rejse.<\/p>\n<p>Sommerhuset er opdelt i stueetage, f\u00f8rste sal og loft (maisonette).<br \/>I den f\u00e6lles stueetage er der et omkl\u00e6dningsrum, en korridor med siddeplads ved pejsen, en sal til yoga og kurser (35m2), 2 toiletter, en spisestue med k\u00f8kken, et afslapnings- og wellnessomr\u00e5de.<br \/>P\u00e5 1. sal er der 4 lejligheder med i alt 17 sovepladser.<\/p>\n<p>V\u00e6lge<\/p>\n<div class=\"pt-cv-wrapper\"><div class=\"pt-cv-view pt-cv-grid pt-cv-colsys pt-cv-sharp-buttons\" id=\"pt-cv-view-6382c08eju\"><div data-id=\"pt-cv-page-1\" class=\"pt-cv-page\" data-cvc=\"1\"><div class=\"col-md-12 col-sm-12 col-xs-12 pt-cv-content-item pt-cv-2-col\"  data-pid=\"22172\"><div class='pt-cv-ifield'><a href=\"https:\/\/cottage.cz\/da\/rezervace\/lejlighed-med-balkon\/\" class=\"_self pt-cv-href-thumbnail pt-cv-thumb-left cvplbd\" target=\"_self\" ><img decoding=\"async\" width=\"300\" height=\"200\" data-src=\"https:\/\/cottage.cz\/wp-content\/uploads\/2018\/02\/Resize-of-BC-23-300x200.jpg\" class=\"pt-cv-thumbnail img-none pull-left lazyload\" alt=\"Lejlighed med balkon\" data-srcset=\"https:\/\/cottage.cz\/wp-content\/uploads\/2018\/02\/Resize-of-BC-23-300x200.jpg 300w, https:\/\/cottage.cz\/wp-content\/uploads\/2018\/02\/Resize-of-BC-23-1024x682.jpg 1024w, https:\/\/cottage.cz\/wp-content\/uploads\/2018\/02\/Resize-of-BC-23-768x512.jpg 768w, https:\/\/cottage.cz\/wp-content\/uploads\/2018\/02\/Resize-of-BC-23-1536x1023.jpg 1536w, https:\/\/cottage.cz\/wp-content\/uploads\/2018\/02\/Resize-of-BC-23.jpg 1800w\" data-sizes=\"(max-width: 300px) 100vw, 300px\" src=\"data:image\/svg+xml;base64,PHN2ZyB3aWR0aD0iMSIgaGVpZ2h0PSIxIiB4bWxucz0iaHR0cDovL3d3dy53My5vcmcvMjAwMC9zdmciPjwvc3ZnPg==\" style=\"--smush-placeholder-width: 300px; --smush-placeholder-aspect-ratio: 300\/200;\" \/><\/a>\n<h4 class=\"pt-cv-title\"><a href=\"https:\/\/cottage.cz\/da\/rezervace\/lejlighed-med-balkon\/\" class=\"_self cvplbd\" target=\"_self\" >Lejlighed med balkon<\/a><\/h4>\n<div class=\"pt-cv-content\">\"G\u00e5 ud og tr\u00e6k vejret ind\u2026\" Pris: fra 2900 CZK Kapacitet: 3+1senge, 1 sovev\u00e6relse, stue med sofa Beskrivelse: Interessant designet ...<\/div><\/div><\/div>\n<div class=\"col-md-12 col-sm-12 col-xs-12 pt-cv-content-item pt-cv-2-col\"  data-pid=\"22216\"><div class='pt-cv-ifield'><a href=\"https:\/\/cottage.cz\/da\/rezervace\/lille-hus\/\" class=\"_self pt-cv-href-thumbnail pt-cv-thumb-left cvplbd\" target=\"_self\" ><img decoding=\"async\" width=\"300\" height=\"200\" data-src=\"https:\/\/cottage.cz\/wp-content\/uploads\/2023\/12\/BC-239-300x200.jpg\" class=\"pt-cv-thumbnail img-none pull-left lazyload\" alt=\"Lille hus\" data-srcset=\"https:\/\/cottage.cz\/wp-content\/uploads\/2023\/12\/BC-239-300x200.jpg 300w, https:\/\/cottage.cz\/wp-content\/uploads\/2023\/12\/BC-239-1024x683.jpg 1024w, https:\/\/cottage.cz\/wp-content\/uploads\/2023\/12\/BC-239-768x512.jpg 768w, https:\/\/cottage.cz\/wp-content\/uploads\/2023\/12\/BC-239-1536x1024.jpg 1536w, https:\/\/cottage.cz\/wp-content\/uploads\/2023\/12\/BC-239-2048x1365.jpg 2048w\" data-sizes=\"(max-width: 300px) 100vw, 300px\" src=\"data:image\/svg+xml;base64,PHN2ZyB3aWR0aD0iMSIgaGVpZ2h0PSIxIiB4bWxucz0iaHR0cDovL3d3dy53My5vcmcvMjAwMC9zdmciPjwvc3ZnPg==\" style=\"--smush-placeholder-width: 300px; --smush-placeholder-aspect-ratio: 300\/200;\" \/><\/a>\n<h4 class=\"pt-cv-title\"><a href=\"https:\/\/cottage.cz\/da\/rezervace\/lille-hus\/\" class=\"_self cvplbd\" target=\"_self\" >Lille hus<\/a><\/h4>\n<div class=\"pt-cv-content\">Vi faldt for magien ved det lille hus, og i sommer renoverede vi en hyggelig maringotka til jer, ikke kun ...<\/div><\/div><\/div>\n<div class=\"col-md-12 col-sm-12 col-xs-12 pt-cv-content-item pt-cv-2-col\"  data-pid=\"22201\"><div class='pt-cv-ifield'><a href=\"https:\/\/cottage.cz\/da\/rezervace\/hele-objektet-bohemian-cottage\/\" class=\"_self pt-cv-href-thumbnail pt-cv-thumb-left cvplbd\" target=\"_self\" ><img decoding=\"async\" width=\"300\" height=\"200\" data-src=\"https:\/\/cottage.cz\/wp-content\/uploads\/2018\/01\/Resize-of-BC-318-300x200.jpg\" class=\"pt-cv-thumbnail img-none pull-left lazyload\" alt=\"Hele objektet Bohemian COTTAGE\" data-srcset=\"https:\/\/cottage.cz\/wp-content\/uploads\/2018\/01\/Resize-of-BC-318-300x200.jpg 300w, https:\/\/cottage.cz\/wp-content\/uploads\/2018\/01\/Resize-of-BC-318-1024x682.jpg 1024w, https:\/\/cottage.cz\/wp-content\/uploads\/2018\/01\/Resize-of-BC-318-768x512.jpg 768w, https:\/\/cottage.cz\/wp-content\/uploads\/2018\/01\/Resize-of-BC-318-1536x1023.jpg 1536w, https:\/\/cottage.cz\/wp-content\/uploads\/2018\/01\/Resize-of-BC-318.jpg 1800w\" data-sizes=\"(max-width: 300px) 100vw, 300px\" src=\"data:image\/svg+xml;base64,PHN2ZyB3aWR0aD0iMSIgaGVpZ2h0PSIxIiB4bWxucz0iaHR0cDovL3d3dy53My5vcmcvMjAwMC9zdmciPjwvc3ZnPg==\" style=\"--smush-placeholder-width: 300px; --smush-placeholder-aspect-ratio: 300\/200;\" \/><\/a>\n<h4 class=\"pt-cv-title\"><a href=\"https:\/\/cottage.cz\/da\/rezervace\/hele-objektet-bohemian-cottage\/\" class=\"_self cvplbd\" target=\"_self\" >Hele objektet Bohemian COTTAGE<\/a><\/h4>\n<div class=\"pt-cv-content\">\"Vil du have hele sommerhuset for dig selv?\" Pris: fra 11.880 CZK \/ hel bygning \/ nat Kapacitet: 4 lejligheder, ...<\/div><\/div><\/div>\n<div class=\"col-md-12 col-sm-12 col-xs-12 pt-cv-content-item pt-cv-2-col\"  data-pid=\"22422\"><div class='pt-cv-ifield'><a href=\"https:\/\/cottage.cz\/da\/rezervace\/maisonette-lejlighed-i\/\" class=\"_self pt-cv-href-thumbnail pt-cv-thumb-left cvplbd\" target=\"_self\" ><img decoding=\"async\" width=\"300\" height=\"200\" data-src=\"https:\/\/cottage.cz\/wp-content\/uploads\/2018\/02\/Resize-of-BC-403-300x200.jpg\" class=\"pt-cv-thumbnail img-none pull-left lazyload\" alt=\"Maisonette lejlighed I.\" data-srcset=\"https:\/\/cottage.cz\/wp-content\/uploads\/2018\/02\/Resize-of-BC-403-300x200.jpg 300w, https:\/\/cottage.cz\/wp-content\/uploads\/2018\/02\/Resize-of-BC-403-1024x682.jpg 1024w, https:\/\/cottage.cz\/wp-content\/uploads\/2018\/02\/Resize-of-BC-403-768x512.jpg 768w, https:\/\/cottage.cz\/wp-content\/uploads\/2018\/02\/Resize-of-BC-403-1536x1023.jpg 1536w, https:\/\/cottage.cz\/wp-content\/uploads\/2018\/02\/Resize-of-BC-403.jpg 1800w\" data-sizes=\"(max-width: 300px) 100vw, 300px\" src=\"data:image\/svg+xml;base64,PHN2ZyB3aWR0aD0iMSIgaGVpZ2h0PSIxIiB4bWxucz0iaHR0cDovL3d3dy53My5vcmcvMjAwMC9zdmciPjwvc3ZnPg==\" style=\"--smush-placeholder-width: 300px; --smush-placeholder-aspect-ratio: 300\/200;\" \/><\/a>\n<h4 class=\"pt-cv-title\"><a href=\"https:\/\/cottage.cz\/da\/rezervace\/maisonette-lejlighed-i\/\" class=\"_self cvplbd\" target=\"_self\" >Maisonette lejlighed I.<\/a><\/h4>\n<div class=\"pt-cv-content\">\"N\u00e6sten til himlen\u2026\" Pris: fra 2250 CZK Kapacitet: 4 senge Beskrivelse: Lejlighed med udsigt til solopgang. Stue med udstyret tek\u00f8kken, ...<\/div><\/div><\/div>\n<div class=\"col-md-12 col-sm-12 col-xs-12 pt-cv-content-item pt-cv-2-col\"  data-pid=\"22415\"><div class='pt-cv-ifield'><a href=\"https:\/\/cottage.cz\/da\/rezervace\/familie-lejlighed\/\" class=\"_self pt-cv-href-thumbnail pt-cv-thumb-left cvplbd\" target=\"_self\" ><img decoding=\"async\" width=\"300\" height=\"200\" data-src=\"https:\/\/cottage.cz\/wp-content\/uploads\/2018\/02\/Resize-of-BC-144-300x200.jpg\" class=\"pt-cv-thumbnail img-none pull-left lazyload\" alt=\"Familie lejlighed\" data-srcset=\"https:\/\/cottage.cz\/wp-content\/uploads\/2018\/02\/Resize-of-BC-144-300x200.jpg 300w, https:\/\/cottage.cz\/wp-content\/uploads\/2018\/02\/Resize-of-BC-144-1024x682.jpg 1024w, https:\/\/cottage.cz\/wp-content\/uploads\/2018\/02\/Resize-of-BC-144-768x512.jpg 768w, https:\/\/cottage.cz\/wp-content\/uploads\/2018\/02\/Resize-of-BC-144-1536x1023.jpg 1536w, https:\/\/cottage.cz\/wp-content\/uploads\/2018\/02\/Resize-of-BC-144.jpg 1800w\" data-sizes=\"(max-width: 300px) 100vw, 300px\" src=\"data:image\/svg+xml;base64,PHN2ZyB3aWR0aD0iMSIgaGVpZ2h0PSIxIiB4bWxucz0iaHR0cDovL3d3dy53My5vcmcvMjAwMC9zdmciPjwvc3ZnPg==\" style=\"--smush-placeholder-width: 300px; --smush-placeholder-aspect-ratio: 300\/200;\" \/><\/a>\n<h4 class=\"pt-cv-title\"><a href=\"https:\/\/cottage.cz\/da\/rezervace\/familie-lejlighed\/\" class=\"_self cvplbd\" target=\"_self\" >Familie lejlighed<\/a><\/h4>\n<div class=\"pt-cv-content\">\"Er der flere af jer?\" Pris: fra 3200 CZK\/nat Kapacitet: 6 senge, fordelt p\u00e5 2 sovev\u00e6relser, hvert sovev\u00e6relse har en ...<\/div><\/div><\/div>\n<div class=\"col-md-12 col-sm-12 col-xs-12 pt-cv-content-item pt-cv-2-col\"  data-pid=\"22419\"><div class='pt-cv-ifield'><a href=\"https:\/\/cottage.cz\/da\/rezervace\/maisonette-lejlighed-ii\/\" class=\"_self pt-cv-href-thumbnail pt-cv-thumb-left cvplbd\" target=\"_self\" ><img decoding=\"async\" width=\"300\" height=\"200\" data-src=\"https:\/\/cottage.cz\/wp-content\/uploads\/2018\/02\/Resize-of-BC-207-300x200.jpg\" class=\"pt-cv-thumbnail img-none pull-left lazyload\" alt=\"Maisonette lejlighed II.\" data-srcset=\"https:\/\/cottage.cz\/wp-content\/uploads\/2018\/02\/Resize-of-BC-207-300x200.jpg 300w, https:\/\/cottage.cz\/wp-content\/uploads\/2018\/02\/Resize-of-BC-207-1024x682.jpg 1024w, https:\/\/cottage.cz\/wp-content\/uploads\/2018\/02\/Resize-of-BC-207-768x512.jpg 768w, https:\/\/cottage.cz\/wp-content\/uploads\/2018\/02\/Resize-of-BC-207-1536x1023.jpg 1536w, https:\/\/cottage.cz\/wp-content\/uploads\/2018\/02\/Resize-of-BC-207.jpg 1800w\" data-sizes=\"(max-width: 300px) 100vw, 300px\" src=\"data:image\/svg+xml;base64,PHN2ZyB3aWR0aD0iMSIgaGVpZ2h0PSIxIiB4bWxucz0iaHR0cDovL3d3dy53My5vcmcvMjAwMC9zdmciPjwvc3ZnPg==\" style=\"--smush-placeholder-width: 300px; --smush-placeholder-aspect-ratio: 300\/200;\" \/><\/a>\n<h4 class=\"pt-cv-title\"><a href=\"https:\/\/cottage.cz\/da\/rezervace\/maisonette-lejlighed-ii\/\" class=\"_self cvplbd\" target=\"_self\" >Maisonette lejlighed II.<\/a><\/h4>\n<div class=\"pt-cv-content\">\"N\u00e6sten til himlen\u2026\" Pris: fra 2900 CZK Kapacitet: 4 senge Beskrivelse: Lejlighed med udsigt til solnedgangen. Stue med udstyret tek\u00f8kken, ...<\/div><\/div><\/div><\/div><\/div><\/div>\t\t\t<style type=\"text\/css\" id=\"pt-cv-inline-style-6f34127k5a\">#pt-cv-view-6382c08eju.pt-cv-post-border { margin: 0; border-top-width: 1px; border-left-width: 1px }\n#pt-cv-view-6382c08eju.pt-cv-post-border { margin: 0; border-top-style: solid; border-left-style: solid }\n#pt-cv-view-6382c08eju.pt-cv-post-border .pt-cv-content-item   { border-right-width: 1px; border-bottom-width: 1px; border-right-style: solid; border-bottom-style: solid; }\n#pt-cv-view-6382c08eju .pt-cv-title a, #pt-cv-view-6382c08eju  .panel-title { font-weight: 600 !important; }\n#pt-cv-view-6382c08eju .pt-cv-readmore  { color: #ffffff !important; background-color: #ba7f42 !important; }\n#pt-cv-view-6382c08eju .pt-cv-readmore:hover  { color: #ffffff !important; background-color: #ba7f42 !important; }\n#pt-cv-view-6382c08eju  + .pt-cv-pagination-wrapper .pt-cv-more , #pt-cv-view-6382c08eju  + .pt-cv-pagination-wrapper .pagination .active a { color: #ffffff !important; background-color: #00aeef !important; }<\/style>\r\n\t\t\t\n\n\n<div id=\"text-23\" class=\"widget widget_text amr_widget\"><h3>Indkvartering og afbestillingsbetingelser:<\/h3>\t\t\t<div class=\"textwidget\"><p>Hele pensionatet er ikke-ryger<\/p>\n<p><strong>Wifi gratis<\/strong><em> (vi kan afbryde dig fra verden efter anmodning)<\/em><\/p>\n<p>Lad venligst k\u00e6ledyr blive hjemme (muligt ved leje af hele bygningen eller Maringotka)<\/p>\n<p>Sengelinned og h\u00e5ndkl\u00e6der er inkluderet<\/p>\n<p>Yogatimer kan afholdes i yogarummet under dit ophold<\/p>\n<p>P\u00e5 ankomstdagen kan du tjekke ind fra kl. <strong>15:00<\/strong> <em>(vi er glade, hvis du giver os besked om det omtrentlige tidspunkt)<\/em><\/p>\n<p>P\u00e5 afrejsedagen skal du tjekke ud kl. <strong>10.00<\/strong><\/p>\n<p>I tilf\u00e6lde af en reservation udsteder vi et reservationsdepositum. Depositummet refunderes kun, hvis datoen er optaget af en anden interesseret part.<\/p>\n<p>B\u00f8rn uden seng indkvarteres <strong>gratis<\/strong><\/p>\n<\/div>\n\t\t<\/div>\n\n\n\n<p><\/p>\n","protected":false},"excerpt":{"rendered":"<p>&#8220;Vi s\u00e6tter vores bedste her&#8230;&#8221; Velkommen til et sted med en unik atmosf\u00e6re! Stop, se dig omkring, tr\u00e6k vejret ind&#8230;og \u00e5nder ogs\u00e5 ud&#8230;Her skaber vi et autentisk rum til at hvile, forny din styrke og skabe nye visioner. Vi tror p\u00e5 harmoni, enkelhed, balance og elegance. Vi er inspireret af naturen, kunsten og \u00e5bne \u00f8jne [&hellip;]<\/p>\n","protected":false},"author":2,"featured_media":25804,"parent":0,"menu_order":0,"comment_status":"closed","ping_status":"closed","template":"","meta":{"_monsterinsights_skip_tracking":false,"_monsterinsights_sitenote_active":false,"_monsterinsights_sitenote_note":"","_monsterinsights_sitenote_category":0,"ngg_post_thumbnail":0,"footnotes":""},"class_list":["post-22179","page","type-page","status-publish","has-post-thumbnail","hentry"],"aioseo_notices":[],"_links":{"self":[{"href":"https:\/\/cottage.cz\/da\/wp-json\/wp\/v2\/pages\/22179","targetHints":{"allow":["GET"]}}],"collection":[{"href":"https:\/\/cottage.cz\/da\/wp-json\/wp\/v2\/pages"}],"about":[{"href":"https:\/\/cottage.cz\/da\/wp-json\/wp\/v2\/types\/page"}],"author":[{"embeddable":true,"href":"https:\/\/cottage.cz\/da\/wp-json\/wp\/v2\/users\/2"}],"replies":[{"embeddable":true,"href":"https:\/\/cottage.cz\/da\/wp-json\/wp\/v2\/comments?post=22179"}],"version-history":[{"count":3,"href":"https:\/\/cottage.cz\/da\/wp-json\/wp\/v2\/pages\/22179\/revisions"}],"predecessor-version":[{"id":26521,"href":"https:\/\/cottage.cz\/da\/wp-json\/wp\/v2\/pages\/22179\/revisions\/26521"}],"wp:featuredmedia":[{"embeddable":true,"href":"https:\/\/cottage.cz\/da\/wp-json\/wp\/v2\/media\/25804"}],"wp:attachment":[{"href":"https:\/\/cottage.cz\/da\/wp-json\/wp\/v2\/media?parent=22179"}],"curies":[{"name":"wp","href":"https:\/\/api.w.org\/{rel}","templated":true}]}}